{"id":483,"date":"2021-01-10T08:34:54","date_gmt":"2021-01-10T07:34:54","guid":{"rendered":"https:\/\/snudifo84.com\/?page_id=483"},"modified":"2026-04-29T15:24:49","modified_gmt":"2026-04-29T13:24:49","slug":"accueil","status":"publish","type":"page","link":"https:\/\/snudifo84.com\/","title":{"rendered":"Accueil"},"content":{"rendered":"<div class=\"moz-forward-container\">\n<div class=\"moz-forward-container\">\n<div class=\"moz-forward-container\">\n<div id=\"content\" class=\"hentry\">\n<div class=\"content-headline\" style=\"text-align: center;\">\n<div class=\"xdj266r x14z9mp xat24cr x1lziwak x1vvkbs x126k92a\">\n<h3><strong><em><img loading=\"lazy\" decoding=\"async\" class=\"alignnone wp-image-4291\" src=\"https:\/\/snudifo84.com\/wp-content\/uploads\/2026\/04\/1er-mai-2026-1-1.png\" alt=\"\" width=\"427\" height=\"404\" srcset=\"https:\/\/snudifo84.com\/wp-content\/uploads\/2026\/04\/1er-mai-2026-1-1.png 499w, https:\/\/snudifo84.com\/wp-content\/uploads\/2026\/04\/1er-mai-2026-1-1-300x284.png 300w\" sizes=\"auto, (max-width: 427px) 100vw, 427px\" \/><br \/>\n<\/em><\/strong><span style=\"color: #ff0000;\"><strong><em>\u00ab\u00a0PAIN\u00a0, PAIX et LIBERTE\u00a0\u00bb<\/em><\/strong><\/span><br \/>\n<span style=\"color: #ff0000;\"><strong><em>Solidarit\u00e9 internationale des travailleurs<\/em><\/strong><\/span><br \/>\n<strong>\u00a0 \u00a0<\/strong><strong><span style=\"color: #0000ff;\">Manifestation \u00e0 Avignon<\/span><\/strong><br \/>\n<span style=\"color: #0000ff;\"><strong>RDV 10h30 cours Jean Jaur\u00e8s<\/strong><\/span><\/h3>\n<h3><strong>Pour<\/strong><strong>\u00a0l\u2019<\/strong><strong>A<\/strong><strong>U<\/strong><strong>G<\/strong><strong>M<\/strong><strong>E<\/strong><strong>N<\/strong><strong>T<\/strong><strong>A<\/strong><strong>TION D<\/strong><strong>E<\/strong><strong>S <\/strong><strong>S<\/strong><strong>A<\/strong><strong>LAIR<\/strong><strong>E<\/strong><strong>S,\u00a0<\/strong><strong><br \/>\n<\/strong><strong>pour\u00a0<\/strong><strong>le BLOCAGE<\/strong><strong>\u00a0<\/strong><strong>DES<\/strong><strong>\u00a0PRIX<\/strong><strong>\u00a0<\/strong><strong>D<\/strong><strong>E<\/strong><strong>S CARBURAN<\/strong><strong>T<\/strong><strong>S,<\/strong><br \/>\n<strong>pour l&rsquo;abrogation de la r\u00e9forme des retraites,<br \/>\npour le maintien du 1er mai, f\u00e9ri\u00e9, ch\u00f4m\u00e9, pay\u00e9,<br \/>\n<\/strong><strong>pour dire NON \u00e0 la GUERRE&#8230;<br \/>\n<\/strong><\/h3>\n<h1><strong><span style=\"color: #ff0000;\">MOUVEMENT 2026<br \/>\n<\/span><\/strong><strong style=\"color: #444444; font-size: 16px;\">Pour nous contacter : <\/strong><strong style=\"color: #444444; font-size: 16px;\">04 90 86 65 80 \/ 06 52 63 11 06<br \/>\n<\/strong><strong>\u00a0 <a href=\"mailto:snudi.fo84@free.fr\">snudi.fo84@free.fr<\/a><\/strong><\/h1>\n<h1><span style=\"color: #ff0000;\"><strong>SAISIE DES VOEUX<br \/>\nde jeudi 23 avril midi \u00e0 jeudi 7 mai minuit.<\/strong><\/span><\/h1>\n<h1><span style=\"color: #0000ff;\"><a style=\"color: #0000ff;\" href=\"https:\/\/snudifo84.com\/wp-content\/uploads\/2026\/04\/Memento-mouvement-2026-ajout-bonif-CLA.pdf\"><strong>Ici notre GUIDE MOUVEMENT 2026<\/strong><\/a><\/span><\/h1>\n<h1><span style=\"color: #339966;\"><a href=\"https:\/\/snudifo84.com\/wp-content\/uploads\/2026\/04\/MOUVEMENT-2026-LISTE-DES-POSTES.xlsx\"><span style=\"color: #008000;\">Ici la Liste des postes<\/span><\/a><br \/>\n(avec filtrage par commune, nature de poste, circo&#8230;)<\/span><\/h1>\n<h1><span style=\"color: #0000ff;\"><strong>Ci-apr\u00e8s la fiche de SUIVI MOUVEMENT<br \/>\n<\/strong><\/span><span style=\"color: #0000ff;\"><a href=\"https:\/\/snudifo84.com\/wp-content\/uploads\/2026\/04\/Fiche-de-suivi-2026-remplissable.pdf\"><span style=\"color: #000000;\">en version<\/span> <span style=\"color: #ff0000;\">pdf modifiable<\/span><\/a><br \/>\n<\/span><span style=\"color: #000000;\"><a style=\"color: #000000;\" href=\"https:\/\/snudifo84.com\/wp-content\/uploads\/2026\/04\/Fiche-de-suivi-2026.pdf\">en version <\/a><\/span><span style=\"color: #ff0000;\"><a style=\"color: #ff0000;\" href=\"https:\/\/snudifo84.com\/wp-content\/uploads\/2026\/04\/Fiche-de-suivi-2026.pdf\">pdf<\/a><\/span><span style=\"color: #0000ff;\"><br \/>\n<a style=\"color: #0000ff;\" href=\"https:\/\/snudifo84.com\/wp-content\/uploads\/2026\/04\/Fiche-de-suivi-2026.docx\"><span style=\"color: #000000;\">en version<\/span> .doc<\/a><br \/>\n<\/span><strong><em>\u00e0 retourner aux \u00e9lus FO \u00e0 la CAP<\/em><em>D<\/em><\/strong><\/h1>\n<h2><strong>Le Guide de mobilit\u00e9 &#8211; et ses annexes &#8211; \u00e9dit\u00e9 par l&rsquo;Administration <\/strong><br \/>\nest paru au BD n\u00b0499 du 9 avril 2026<br \/>\n<span style=\"color: #0000ff;\"><a style=\"color: #0000ff;\" href=\"https:\/\/buldep84.ac-aix-marseille.fr\/uploads\/BD84\/BD499\/BD%20499.pdf?ts=1776277422\">bulletin d\u00e9partemental<\/a><\/span><\/h2>\n<h1><span style=\"color: #ff0000;\"><strong>Les \u00e9lus FO du personnel <\/strong><strong>vous accompagnent :<br \/>\n<\/strong><\/span><strong>Permanences au si\u00e8ge du syndicat\u00a0<\/strong><u><br \/>\n<\/u>(Union D\u00e9partementale FO &#8211; 20 avenue de Monclar Avignon)<br \/>\n<strong>\u00a0 \u00a0 \u00a0 \u00a0 \u00a0 \u00a0 \u00a0 \u00a0 \u00a0 \u00a0 \u00a0 \u00a0<\/strong><strong><br \/>\n<\/strong><span style=\"color: #008000;\"><strong>du lundi 27 avril au jeudi 30 avril\u00a0<\/strong><strong>de 9h \u00e0 17h,<br \/>\n<\/strong><strong>le samedi 2 mai\u00a0<\/strong><strong>de 9h30 \u00e0 12h30.<\/strong><\/span><strong><br \/>\n<\/strong><br \/>\n<span style=\"color: #008000;\"><strong>Du lundi 4 mai au mercredi 6 mai\u00a0<\/strong><strong>de 9h \u00e0 17h,<br \/>\n<\/strong><strong>jeudi 7 mai,\u00a0<\/strong>dernier jour de saisie des voeux,<\/span><br \/>\n<span style=\"color: #008000;\"><strong>de 9h \u00e0 18h <\/strong>puis<\/span><strong><span style=\"color: #008000;\"> par mail jusqu&rsquo;\u00e0 23h<\/span><br \/>\n(Attention, le serveur ferme \u00e0 minuit !)<\/strong><\/h1>\n<h1><img loading=\"lazy\" decoding=\"async\" class=\"alignnone size-large wp-image-4253\" src=\"https:\/\/snudifo84.com\/wp-content\/uploads\/2026\/04\/bandeau-CDEN-2026-1-1024x323.png\" alt=\"\" width=\"734\" height=\"232\" srcset=\"https:\/\/snudifo84.com\/wp-content\/uploads\/2026\/04\/bandeau-CDEN-2026-1-1024x323.png 1024w, https:\/\/snudifo84.com\/wp-content\/uploads\/2026\/04\/bandeau-CDEN-2026-1-300x95.png 300w, https:\/\/snudifo84.com\/wp-content\/uploads\/2026\/04\/bandeau-CDEN-2026-1-768x242.png 768w, https:\/\/snudifo84.com\/wp-content\/uploads\/2026\/04\/bandeau-CDEN-2026-1.png 1098w\" sizes=\"auto, (max-width: 734px) 100vw, 734px\" \/><\/h1>\n<div dir=\"auto\">La carte scolaire voulue par le Dasen pour la rentr\u00e9e 2026 : <span class=\"html-span xdj266r x14z9mp xat24cr x1lziwak xexx8yu xyri2b x18d9i69 x1c1uobl x1hl2dhg x16tdsg8 x1vvkbs\"><a class=\"x1i10hfl xjbqb8w x1ejq31n x18oe1m7 x1sy0etr xstzfhl x972fbf x10w94by x1qhh985 x14e42zd x9f619 x1ypdohk xt0psk2 x3ct3a4 xdj266r x14z9mp xat24cr x1lziwak xexx8yu xyri2b x18d9i69 x1c1uobl x16tdsg8 x1hl2dhg xggy1nq x1a2a7pz xkrqix3 x1sur9pj x1fey0fg x1s688f\" tabindex=\"0\" role=\"link\" href=\"https:\/\/snudifo84.com\/wp-content\/uploads\/2026\/04\/FO-informe.pdf?fbclid=IwZXh0bgNhZW0CMTAAYnJpZBEwc2dQMHYyYTdMWmJIQklORnNydGMGYXBwX2lkEDIyMjAzOTE3ODgyMDA4OTIAAR45o1jY-U0Qf5XgzfJNkz6B8lqRz4_Cl2k0-cy7l_EjMK3yOXMXePE8ZLCn9w_aem_OU_MMC1wRf1VYMZRUiXtgQ\" target=\"_blank\" rel=\"nofollow noopener noreferrer\">https:\/\/snudifo84.com\/wp&#8230;\/uploads\/2026\/04\/FO-informe.pdf<\/a><\/span><\/div>\n<h2 dir=\"auto\">Pour FO, le combat engag\u00e9 contre des fermetures, pour des ouvertures continue. Que le Pouvoir se le dise, ni le CSA, ni le CDEN du 9 avril ne marqueront la fin de la mobilisation !<\/h2>\n<div dir=\"auto\"><\/div>\n<div dir=\"auto\">Lire notre <a href=\"https:\/\/snudifo84.com\/index.php\/2026\/04\/10\/preparation-de-la-rentree-2026-compte-rendu-de-mandat-des-representants-fo\/\">compte-rendu complet<\/a> <a href=\"https:\/\/snudifo84.com\/index.php\/2026\/04\/10\/preparation-de-la-rentree-2026-compte-rendu-de-mandat-des-representants-fo\/\">&gt;ici&lt;<\/a><\/div>\n<\/div>\n<h1>&#8212;&#8212;&#8212;&#8212;&#8212;&#8212;&#8212;&#8212;&#8212;&#8212;&#8212;&#8212;&#8212;&#8212;&#8212;&#8212;&#8212;&#8212;<\/h1>\n<h1><strong>Contre la d\u00e9partementalisation du remplacement :<br \/>\nSignez et faites signer la p\u00e9tition !<br \/>\n<a href=\"https:\/\/snudifo84.com\/wp-content\/uploads\/2026\/02\/Appel-Petition-pour-le-maintien-des-TR-et-BDFC.pdf\">\u00e0 t\u00e9l\u00e9charger ici<\/a> et \u00e0 renvoyer au syndicat<\/strong><\/h1>\n<p>&nbsp;<\/p>\n<div class=\"content-headline\" style=\"text-align: center;\">Nous sommes tous concern\u00e9s par le projet de d\u00e9partementalisation, ne laissons pas nos coll\u00e8gues TR et BD isol\u00e9s<br \/>\nP\u00e9titions \u00e0 retourner \u00e0 : snudi.fo84@free.fr ou SNUDI-FO BP 80010 &#8211; 84004 Avignon cedex 1<br \/>\n<strong>A ce jour le SNUDI-FO a d\u00e9j\u00e0 recueilli 553 signatures. On continue, on l\u00e2che rien !<\/strong><\/p>\n<h1><strong>A l&rsquo;appel du SNUDI-FO, de la FSU-SNUipp et du SE-UNSA<br \/>\nGr\u00e8ve et rassemblement <\/strong><strong>vendredi 13 mars <\/strong><br \/>\n<strong>devant la Direction Acad\u00e9mique pendant le groupe de travail<br \/>\nsur la d\u00e9partementalisation du remplacement :<\/strong><\/h1>\n<div style=\"width: 734px;\" class=\"wp-video\"><video class=\"wp-video-shortcode\" id=\"video-483-1\" width=\"734\" height=\"413\" preload=\"metadata\" controls=\"controls\"><source type=\"video\/mp4\" src=\"https:\/\/snudifo84.com\/wp-content\/uploads\/2026\/03\/video-TR-BD-13-mars-2026.mp4?_=1\" \/><a href=\"https:\/\/snudifo84.com\/wp-content\/uploads\/2026\/03\/video-TR-BD-13-mars-2026.mp4\">https:\/\/snudifo84.com\/wp-content\/uploads\/2026\/03\/video-TR-BD-13-mars-2026.mp4<\/a><\/video><\/div>\n<p>&nbsp;<\/p>\n<p>Chers coll\u00e8gues,<\/p>\n<p>Le projet de d\u00e9partementalisation du remplacement et de fusion des TR et Brigades suit son cours du c\u00f4t\u00e9 de l&rsquo;administration. Face \u00e0 cette volont\u00e9 de casser nos statuts et de flexibiliser nos conditions de travail, la mobilisation ne doit pas faiblir. Les syndicats <strong>SNUDI-FO<\/strong>, <strong>FSU-SNUipp et<\/strong>\u00a0<strong>SE-UNSA<\/strong>, appellent \u00e0 un rassemblement le vendredi 13 mars \u00e0 8h devant la Direction Acad\u00e9mique pendant le groupe de travail sur la d\u00e9partementalisation du remplacement pour exiger :<\/p>\n<p>&#8211; <strong>Le maintien des Titulaires Rempla\u00e7ants avec la circonscription comme zone d\u2019intervention<\/strong>\u00a0; c\u2019est le poste qu\u2019ils ont obtenu au mouvement\u00a0!<\/p>\n<p>&#8211; <strong>Le maintien des Brigades de Formation Continue<\/strong>\u00a0; maintien de la Formation continue sur le temps d\u2019enseignement\u00a0!<\/p>\n<p>&#8211; <strong>La cr\u00e9ation de postes de TR pour la rentr\u00e9e 2026<\/strong> pour en finir avec les probl\u00e8mes de remplacement qui minent notre \u00c9cole publique.<\/p>\n<p>Nous demandons aussi une audience au Directeur Acad\u00e9mique le vendredi 13 mars.<\/p>\n<p class=\"ydp5dcf4c35yiv5647302076MsoNormal\">\u200bPour le Bureau D\u00e9partemental du SNUDI-FO 84,<br \/>\nThomas BARATEGUI<br \/>\n\u200bSNUDI-FO Vaucluse \u2013 20 Avenue Monclar, 84004 Avignon<\/p>\n<p>_<\/p>\n<p>\ud83d\udea8AMIANTE DANS LES \u00c9TABLISSEMENTS SCOLAIRES DU VAUCLUSE : FO LANCE L&rsquo;ALERTE !<\/p>\n<div style=\"width: 720px;\" class=\"wp-video\"><video class=\"wp-video-shortcode\" id=\"video-483-2\" width=\"720\" height=\"720\" preload=\"metadata\" controls=\"controls\"><source type=\"video\/mp4\" src=\"https:\/\/snudifo84.com\/wp-content\/uploads\/2026\/02\/\ud83d\udea8AMIANTE-DANS-LES-ETABLISSEMENTS-SCOLAIRES-DU-VAUCLUSE-FO-LANCE-LALERTE-.mp4?_=2\" \/><a href=\"https:\/\/snudifo84.com\/wp-content\/uploads\/2026\/02\/\ud83d\udea8AMIANTE-DANS-LES-ETABLISSEMENTS-SCOLAIRES-DU-VAUCLUSE-FO-LANCE-LALERTE-.mp4\">https:\/\/snudifo84.com\/wp-content\/uploads\/2026\/02\/\ud83d\udea8AMIANTE-DANS-LES-ETABLISSEMENTS-SCOLAIRES-DU-VAUCLUSE-FO-LANCE-LALERTE-.mp4<\/a><\/video><\/div>\n<p>\ud83c\udf99 Ce jeudi 12 f\u00e9vrier 2026, Blaise Laurent, co-secr\u00e9taire du SNUDI-FO 84 et \u00e9lu du personnel \u00e0 la F3SCT, \u00e9tait l&rsquo;invit\u00e9 de la matinale sur ICI Vaucluse.<br \/>\nIl a r\u00e9pondu aux questions de la journaliste sur l&rsquo;amiante dans les \u00e9tablissements scolaires vauclusiens, et a d\u00e9voiler le \u00ab\u00a0Livre noir de l&rsquo;amiante\u00a0\u00bb publi\u00e9 par Force Ouvri\u00e8re 84 : le constat est accablant !<br \/>\n\ud83d\uded185% des \u00e9tablissements scolaires en France contiennent de l&rsquo;amiante. Et dans le Vaucluse, la situation est inqui\u00e9tante.<br \/>\n\ud83d\udcca Les chiffres du \u00ab\u00a0Livre Noir\u00a0\u00bb :<br \/>\n\ud83d\udc49 308 \u00e9tablissements dans le 84 o\u00f9 la situation n&rsquo;est pas v\u00e9rifiable (dossiers non consultables ou incomplets).<br \/>\n\ud83d\udc49 169 \u00e9tablissements o\u00f9 l&rsquo;amiante est rep\u00e9r\u00e9e et confirm\u00e9e.<br \/>\n\ud83d\udc49 Des d\u00e9lais de travaux inacceptables (exemple d&rsquo;une maternelle laiss\u00e9e 6 ans sans travaux malgr\u00e9 le danger !).<br \/>\nL&rsquo;amiante est un danger invisible mais mortel.<br \/>\n\ud83d\udde3\ufe0f \u00ab\u00a0Une seule fibre d&rsquo;amiante peut provoquer un cancer.\u00a0\u00bb<br \/>\n\ud83c\udfa5 Regardez l&rsquo;extrait pour comprendre l&rsquo;ampleur du probl\u00e8me.<br \/>\n@ici_vaucluse<br \/>\n#Amiante #Ecole #Vaucluse #Sant\u00e9Publique #SNUDIFO #EducationNationale #Danger #Prevention #Avignon #enseignement<\/p>\n<\/div>\n<\/div>\n<\/div>\n<\/div>\n<\/div>\n<\/div>\n","protected":false},"excerpt":{"rendered":"<p>\u00ab\u00a0PAIN\u00a0, PAIX et LIBERTE\u00a0\u00bb Solidarit\u00e9 internationale des travailleurs \u00a0 \u00a0Manifestation \u00e0 Avignon RDV 10h30 cours Jean Jaur\u00e8s Pour\u00a0l\u2019AUGMENTATION DES SALAIRES,\u00a0 pour\u00a0le BLOCAGE\u00a0DES\u00a0PRIX\u00a0DES CARBURANTS, pour l&rsquo;abrogation de la r\u00e9forme des retraites, pour le maintien du 1er mai, f\u00e9ri\u00e9, ch\u00f4m\u00e9, pay\u00e9, pour dire NON \u00e0 la GUERRE&#8230; MOUVEMENT 2026 Pour nous contacter&#8230;<br \/><a class=\"read-more-button\" href=\"https:\/\/snudifo84.com\/\">Read more<\/a><\/p>\n","protected":false},"author":1,"featured_media":0,"parent":0,"menu_order":0,"comment_status":"closed","ping_status":"closed","template":"","meta":{"footnotes":""},"class_list":["post-483","page","type-page","status-publish","hentry"],"_links":{"self":[{"href":"https:\/\/snudifo84.com\/index.php\/wp-json\/wp\/v2\/pages\/483","targetHints":{"allow":["GET"]}}],"collection":[{"href":"https:\/\/snudifo84.com\/index.php\/wp-json\/wp\/v2\/pages"}],"about":[{"href":"https:\/\/snudifo84.com\/index.php\/wp-json\/wp\/v2\/types\/page"}],"author":[{"embeddable":true,"href":"https:\/\/snudifo84.com\/index.php\/wp-json\/wp\/v2\/users\/1"}],"replies":[{"embeddable":true,"href":"https:\/\/snudifo84.com\/index.php\/wp-json\/wp\/v2\/comments?post=483"}],"version-history":[{"count":709,"href":"https:\/\/snudifo84.com\/index.php\/wp-json\/wp\/v2\/pages\/483\/revisions"}],"predecessor-version":[{"id":4294,"href":"https:\/\/snudifo84.com\/index.php\/wp-json\/wp\/v2\/pages\/483\/revisions\/4294"}],"wp:attachment":[{"href":"https:\/\/snudifo84.com\/index.php\/wp-json\/wp\/v2\/media?parent=483"}],"curies":[{"name":"wp","href":"https:\/\/api.w.org\/{rel}","templated":true}]}}